{"id":4523,"date":"2019-05-13T22:00:15","date_gmt":"2019-05-13T20:00:15","guid":{"rendered":"http:\/\/krolewo.pl\/?page_id=4523"},"modified":"2019-05-13T22:00:16","modified_gmt":"2019-05-13T20:00:16","slug":"kompetencje-kluczowe","status":"publish","type":"page","link":"http:\/\/krolewo.pl\/?page_id=4523","title":{"rendered":"Kompetencje kluczowe"},"content":{"rendered":"\n<p>\n \n \n  \n  \n  \n  \n  \n  \n  \n  \n  \n  \n  \n  \n \n \n \n\n \n \nCo to jest kompetencja? <\/p>\n\n\n\n<p><strong>Kompetencja to wiedza, umiej\u0119tno\u015bci i\npostawy. <\/strong><\/p>\n\n\n\n<p><strong>Jak kszta\u0142tujemy kompetencje:<\/strong><\/p>\n\n\n\n<ol><li><strong>\u015awiadomie:\nod nie\u015bwiadomej niekompetencji (nie wiem, \u017ce nie wiem\/umiem), poprzez \u015bwiadom\u0105\nniekompetencj\u0119 (wiem, \u017ce nie wiem\/umiem), \u015bwiadom\u0105 kompetencj\u0119 (wiem, \u017ce\nwiem\/umiem) a\u017c do nie\u015bwiadomej kompetencji (nie wiem, \u017ce wiem\/umiem) <\/strong><\/li><li><strong>Poprzez\nobserwacj\u0119 i na\u015bladowanie \u2013 modelowanie. To proces nie\u015bwiadomego nabywania\njakiej\u015b kompetencji. <\/strong><\/li><\/ol>\n\n\n\n<p><strong>Kompetencje kluczowe<\/strong><\/p>\n\n\n\n<p>&nbsp;&nbsp;&nbsp;&nbsp;&nbsp;&nbsp;&nbsp;&nbsp;&nbsp;&nbsp;&nbsp;\nWszystko wok\u00f3\u0142 nas idzie niebywale do przodu i ulega przekszta\u0142ceniom. Dotyczy\nto tak\u017ce zmian w spo\u0142ecze\u0144stwie i gospodarce. Zmiany s\u0105 tak intensywne, \u017ce\nniezwykle trudno jest za nimi nad\u0105\u017cy\u0107. W dzisiejszych czasach podstaw\u0105 rozwoju\ncywilizacji jest wiedza. Wiedza, kt\u00f3r\u0105 nabywamy od najm\u0142odszych lat i\nwykorzystujemy w codziennym \u017cyciu. Dzi\u0119ki niej ka\u017cda jednostka w spo\u0142ecze\u0144stwie\nmo\u017ce zadba\u0107 o sw\u00f3j rozw\u00f3j osobisty, zawodowy oraz o samorealizacj\u0119. Gospodarka\noparta na wiedzy wymusza na jej uczestnikach konieczno\u015b\u0107 ci\u0105g\u0142ego uczenia si\u0119,\nrozwijania nabytych kompetencji a tak\u017ce zdobywania nowych. Wszystko to w\nprzysz\u0142o\u015bci pomo\u017ce m\u0142odym ludziom w efektywnym przystosowaniu si\u0119 do rynku\npracy. Ponadto b\u0119dzie to tak\u017ce rzutowa\u0142o na zadowalaj\u0105ce uczestnictwo w\ndoros\u0142ym \u017cyciu, tak zawodowym jak i osobistym i spo\u0142ecznym.<\/p>\n\n\n\n<p>&nbsp;&nbsp;&nbsp;&nbsp;&nbsp;&nbsp;&nbsp;&nbsp;&nbsp;&nbsp;&nbsp;\nIntensywno\u015b\u0107 zmian niejako wymusza na m\u0142odych ludziach umiej\u0119tno\u015b\u0107 zaadaptowania\nsi\u0119 do zmieniaj\u0105cych warunk\u00f3w. Doskona\u0142ym sposobem dokonania tego jest sta\u0142e\npodnoszenie kompetencji kluczowych. Kompetencje kluczowe to sk\u0142adowe wiedzy,\numiej\u0119tno\u015bci i okre\u015blonych postaw. Wyr\u00f3\u017cnia si\u0119 osiem podstawowych kompetencji\nkluczowych. Tymi kompetencjami s\u0105:<\/p>\n\n\n\n<p><strong>1). porozumiewanie si\u0119 w j\u0119zyku\nojczystym<\/strong><\/p>\n\n\n\n<p><strong>2). porozumiewanie si\u0119 w j\u0119zykach\nobcych<\/strong><\/p>\n\n\n\n<p><strong>3). kompetencje matematyczne i\npodstawowe kompetencje naukowo \u2013 techniczne<\/strong><\/p>\n\n\n\n<p><strong>4). kompetencje informatyczne<\/strong><\/p>\n\n\n\n<p><strong>5). umiej\u0119tno\u015b\u0107 uczenia si\u0119<\/strong><\/p>\n\n\n\n<p><strong>6). kompetencje spo\u0142eczne i\nobywatelskie<\/strong><\/p>\n\n\n\n<p><strong>7). inicjatywno\u015b\u0107 i przedsi\u0119biorczo\u015b\u0107<\/strong><\/p>\n\n\n\n<p><strong>8). \u015bwiadomo\u015b\u0107 i ekspresja kulturalna<\/strong><\/p>\n\n\n\n<p>Kompetencje kszta\u0142tujemy nie\npoprzez to, czego uczymy, ale JAK!<strong><\/strong><\/p>\n\n\n\n<p>Zach\u0119camy Pa\u0144stwa do zapoznania si\u0119 z informacjami na temat kompetencji\nkluczowych.<\/p>\n\n\n\n<p>Poni\u017cej znajduje si\u0119 odno\u015bnik do strony gdzie zosta\u0142y udost\u0119pnione\ninformacje na ten temat:<\/p>\n\n\n\n<figure class=\"wp-block-embed\"><div class=\"wp-block-embed__wrapper\">\nhttps:\/\/www.ore.edu.pl\/\n<\/div><\/figure>\n\n\n\n<p>Dodatkowo zach\u0119camy do zapoznania si\u0119 z artyku\u0142em na temat kompetencji\nkluczowych:<\/p>\n\n\n\n<p><a href=\"https:\/\/spprzystajn.pl\/wp-content\/uploads\/2018\/10\/T416_Kompetencje-kluczowe_przygotowanie-do-zycia.pdf\">\u201eKompetencje\nkluczowe przygotowanie do \u017cycia.\u201d<\/a><\/p>\n","protected":false},"excerpt":{"rendered":"<p>Co to jest kompetencja? Kompetencja to wiedza, umiej\u0119tno\u015bci i postawy. Jak kszta\u0142tujemy kompetencje: \u015awiadomie: od nie\u015bwiadomej niekompetencji (nie wiem, \u017ce nie wiem\/umiem), poprzez \u015bwiadom\u0105 niekompetencj\u0119 (wiem, \u017ce nie wiem\/umiem), \u015bwiadom\u0105 kompetencj\u0119 (wiem, \u017ce wiem\/umiem) a\u017c do nie\u015bwiadomej kompetencji (nie wiem, \u017ce wiem\/umiem) Poprzez obserwacj\u0119 i na\u015bladowanie \u2013 modelowanie. To proces nie\u015bwiadomego nabywania jakiej\u015b kompetencji. Kompetencje [&hellip;]<\/p>\n","protected":false},"author":2,"featured_media":0,"parent":0,"menu_order":0,"comment_status":"closed","ping_status":"closed","template":"","meta":{"ngg_post_thumbnail":0,"footnotes":""},"_links":{"self":[{"href":"http:\/\/krolewo.pl\/index.php?rest_route=\/wp\/v2\/pages\/4523"}],"collection":[{"href":"http:\/\/krolewo.pl\/index.php?rest_route=\/wp\/v2\/pages"}],"about":[{"href":"http:\/\/krolewo.pl\/index.php?rest_route=\/wp\/v2\/types\/page"}],"author":[{"embeddable":true,"href":"http:\/\/krolewo.pl\/index.php?rest_route=\/wp\/v2\/users\/2"}],"replies":[{"embeddable":true,"href":"http:\/\/krolewo.pl\/index.php?rest_route=%2Fwp%2Fv2%2Fcomments&post=4523"}],"version-history":[{"count":1,"href":"http:\/\/krolewo.pl\/index.php?rest_route=\/wp\/v2\/pages\/4523\/revisions"}],"predecessor-version":[{"id":4524,"href":"http:\/\/krolewo.pl\/index.php?rest_route=\/wp\/v2\/pages\/4523\/revisions\/4524"}],"wp:attachment":[{"href":"http:\/\/krolewo.pl\/index.php?rest_route=%2Fwp%2Fv2%2Fmedia&parent=4523"}],"curies":[{"name":"wp","href":"https:\/\/api.w.org\/{rel}","templated":true}]}}